{"id":2,"date":"2025-12-12T10:55:51","date_gmt":"2025-12-12T10:55:51","guid":{"rendered":"https:\/\/annastiinamakitalo.com\/?page_id=2"},"modified":"2026-03-27T07:59:32","modified_gmt":"2026-03-27T07:59:32","slug":"sample-page","status":"publish","type":"page","link":"https:\/\/annastiinamakitalo.com\/index.php\/sample-page\/","title":{"rendered":"Portfolio"},"content":{"rendered":"\n<p>Tervetuloa tutustumaan valikoituihin esimerkkeihin taide-, kuvitus- ja kuosisuunnitteluprojekteista, jotka ovat inspiroineet minua erityisell\u00e4 tavalla. Portfolio t\u00e4ydentyy pikkuhiljaa sek\u00e4 uusilla ett\u00e4 vanhemmilla t\u00f6ill\u00e4.<\/p>\n\n\n\n<p>\u00a9 Annastiina M\u00e4kitalo<\/p>\n\n\n\n<p><\/p>\n\n\n\n<div id=\"services\" class=\"wp-block-group alignfull pattern_multiple_covers has-background has-global-padding is-layout-constrained wp-block-group-is-layout-constrained\">\n\n\n<p class=\"has-text-align-left has-secondary-color has-text-color\" style=\"letter-spacing:1px\"><\/p>\n\n\n\n<h2 class=\"wp-block-heading has-text-align-left\">Julkinen taide<\/h2>\n\n\n\n<p class=\"has-text-align-left\">Olen suunnitellut n\u00e4ytt\u00e4vi\u00e4, suurikokoisia teoksia osaksi arkkitehtuuria ja sisustusta jo kymmenen vuoden ajan. Monissa teoksissani n\u00e4kyy rakkauteni luontoon: sen loputon visuaalinen rikkaus ja rauhoittava vaikutus. <\/p>\n\n\n\n<div class=\"wp-block-columns is-layout-flex wp-container-core-columns-is-layout-28f84493 wp-block-columns-is-layout-flex\">\n<div class=\"wp-block-column is-layout-flow wp-block-column-is-layout-flow\" style=\"padding-top:0;padding-right:0;padding-bottom:0;padding-left:0\">\n<div class=\"wp-block-cover has-custom-content-position is-position-bottom-left\" style=\"padding-top:var(--wp--preset--spacing--small);padding-right:var(--wp--preset--spacing--x-small);padding-bottom:var(--wp--preset--spacing--small);padding-left:var(--wp--preset--spacing--x-small)\"><img loading=\"lazy\" decoding=\"async\" width=\"769\" height=\"1024\" class=\"wp-block-cover__image-background wp-image-62 size-large\" alt=\"\" src=\"https:\/\/annastiinamakitalo.com\/wp-content\/uploads\/2025\/12\/Hiidensalmi_taide2-769x1024.jpg\" data-object-fit=\"cover\" srcset=\"https:\/\/annastiinamakitalo.com\/wp-content\/uploads\/2025\/12\/Hiidensalmi_taide2-769x1024.jpg 769w, https:\/\/annastiinamakitalo.com\/wp-content\/uploads\/2025\/12\/Hiidensalmi_taide2-225x300.jpg 225w, https:\/\/annastiinamakitalo.com\/wp-content\/uploads\/2025\/12\/Hiidensalmi_taide2.jpg 1183w\" sizes=\"auto, (max-width: 769px) 100vw, 769px\" \/><span aria-hidden=\"true\" class=\"wp-block-cover__background has-primary-background-color has-background-dim-70 has-background-dim\"><\/span><div class=\"wp-block-cover__inner-container is-layout-flow wp-block-cover-is-layout-flow\">\n\n\n<p><\/p>\n\n\n\n<h3 class=\"wp-block-heading has-white-color has-text-color has-medium-font-size\" style=\"margin-top:0;margin-right:0;margin-bottom:0;margin-left:0\">LOHI-grafiikat<\/h3>\n\n\n\n<p class=\"has-secondary-color has-text-color has-link-color wp-elements-3e0769cf25212df99143fb87116e5f1a\" style=\"margin-top:0;margin-right:0;margin-bottom:0;margin-left:0\"><a href=\"https:\/\/annastiinamakitalo.com\/index.php\/project\/lohi-graphics\/\">Lue lis\u00e4\u00e4 t\u00e4st\u00e4 projektista \u2192<\/a><\/p>\n<\/div><\/div>\n<\/div>\n\n\n\n<div class=\"wp-block-column is-layout-flow wp-block-column-is-layout-flow\" style=\"padding-top:0;padding-right:0;padding-bottom:0;padding-left:0\">\n<div class=\"wp-block-cover has-custom-content-position is-position-bottom-left\" style=\"padding-top:var(--wp--preset--spacing--small);padding-right:var(--wp--preset--spacing--x-small);padding-bottom:var(--wp--preset--spacing--small);padding-left:var(--wp--preset--spacing--x-small)\"><img loading=\"lazy\" decoding=\"async\" width=\"1814\" height=\"1814\" class=\"wp-block-cover__image-background wp-image-343 size-full\" alt=\"\" src=\"https:\/\/annastiinamakitalo.com\/wp-content\/uploads\/2026\/03\/Annastiina_Makitalo_julkinen_taide_Kukkaseppele_300x300px.jpg\" data-object-fit=\"cover\" srcset=\"https:\/\/annastiinamakitalo.com\/wp-content\/uploads\/2026\/03\/Annastiina_Makitalo_julkinen_taide_Kukkaseppele_300x300px.jpg 1814w, https:\/\/annastiinamakitalo.com\/wp-content\/uploads\/2026\/03\/Annastiina_Makitalo_julkinen_taide_Kukkaseppele_300x300px-300x300.jpg 300w, https:\/\/annastiinamakitalo.com\/wp-content\/uploads\/2026\/03\/Annastiina_Makitalo_julkinen_taide_Kukkaseppele_300x300px-1024x1024.jpg 1024w, https:\/\/annastiinamakitalo.com\/wp-content\/uploads\/2026\/03\/Annastiina_Makitalo_julkinen_taide_Kukkaseppele_300x300px-150x150.jpg 150w\" sizes=\"auto, (max-width: 1814px) 100vw, 1814px\" \/><span aria-hidden=\"true\" class=\"wp-block-cover__background has-primary-background-color has-background-dim-70 has-background-dim\"><\/span><div class=\"wp-block-cover__inner-container is-layout-flow wp-block-cover-is-layout-flow\">\n<h3 class=\"wp-block-heading has-white-color has-text-color has-medium-font-size\" style=\"margin-top:0;margin-right:0;margin-bottom:0;margin-left:0\">Kukkaseppele-reik\u00e4peltiteos<\/h3>\n\n\n\n\n\n<p class=\"has-secondary-color has-text-color has-link-color wp-elements-331668b3b212e07db0c01954ea061f69\" style=\"margin-top:0;margin-right:0;margin-bottom:0;margin-left:0\"><a href=\"\/index.php\/project\/kukkaseppele-2\/\">Lue lis\u00e4\u00e4 t\u00e4st\u00e4 projektista \u2192<\/a><\/p>\n<\/div><\/div>\n<\/div>\n\n\n\n<div class=\"wp-block-column is-layout-flow wp-block-column-is-layout-flow\" style=\"padding-top:0;padding-right:0;padding-bottom:0;padding-left:0\">\n<div class=\"wp-block-cover has-custom-content-position is-position-bottom-left\" style=\"padding-top:var(--wp--preset--spacing--small);padding-right:var(--wp--preset--spacing--x-small);padding-bottom:var(--wp--preset--spacing--small);padding-left:var(--wp--preset--spacing--x-small)\"><img loading=\"lazy\" decoding=\"async\" width=\"532\" height=\"800\" class=\"wp-block-cover__image-background wp-image-208 size-full\" alt=\"\" src=\"https:\/\/annastiinamakitalo.com\/wp-content\/uploads\/2026\/02\/vuores-herbaario-prosenttitaide-kiinnoste2.jpg\" data-object-fit=\"cover\" srcset=\"https:\/\/annastiinamakitalo.com\/wp-content\/uploads\/2026\/02\/vuores-herbaario-prosenttitaide-kiinnoste2.jpg 532w, https:\/\/annastiinamakitalo.com\/wp-content\/uploads\/2026\/02\/vuores-herbaario-prosenttitaide-kiinnoste2-200x300.jpg 200w\" sizes=\"auto, (max-width: 532px) 100vw, 532px\" \/><span aria-hidden=\"true\" class=\"wp-block-cover__background has-primary-background-color has-background-dim-70 has-background-dim\"><\/span><div class=\"wp-block-cover__inner-container is-layout-flow wp-block-cover-is-layout-flow\">\n<h2 class=\"wp-block-heading has-white-color has-text-color has-medium-font-size\" style=\"margin-top:0;margin-right:0;margin-bottom:0;margin-left:0\">Herbaario<\/h2>\n\n\n\n<p class=\"has-secondary-color has-text-color has-link-color wp-elements-733ccf74a817b3241312579fa67ae599\" style=\"margin-top:0;margin-right:0;margin-bottom:0;margin-left:0\"><a href=\"\/index.php\/project\/herbaario\/\">Lue lis\u00e4\u00e4 t\u00e4st\u00e4 projektista \u2192<\/a><\/p>\n<\/div><\/div>\n<\/div>\n<\/div>\n\n\n<\/div>\n\n\n\n<p><\/p>\n\n\n\n<div id=\"services\" class=\"wp-block-group alignfull pattern_multiple_covers has-background has-global-padding is-layout-constrained wp-block-group-is-layout-constrained\">\n\n\n<p class=\"has-text-align-left\"><\/p>\n\n\n\n<div class=\"wp-block-columns is-layout-flex wp-container-core-columns-is-layout-28f84493 wp-block-columns-is-layout-flex\">\n<div class=\"wp-block-column is-layout-flow wp-block-column-is-layout-flow\" style=\"padding-top:0;padding-right:0;padding-bottom:0;padding-left:0\">\n<div class=\"wp-block-cover has-custom-content-position is-position-bottom-left\" style=\"padding-top:var(--wp--preset--spacing--small);padding-right:var(--wp--preset--spacing--x-small);padding-bottom:var(--wp--preset--spacing--small);padding-left:var(--wp--preset--spacing--x-small)\"><img loading=\"lazy\" decoding=\"async\" width=\"1024\" height=\"576\" class=\"wp-block-cover__image-background wp-image-440 size-large\" alt=\"\" src=\"https:\/\/annastiinamakitalo.com\/wp-content\/uploads\/2026\/03\/Annastiina_Makitalo_julkinen_taide_Oi-kuusipuu_2-1024x576.jpg\" data-object-fit=\"cover\" srcset=\"https:\/\/annastiinamakitalo.com\/wp-content\/uploads\/2026\/03\/Annastiina_Makitalo_julkinen_taide_Oi-kuusipuu_2-1024x576.jpg 1024w, https:\/\/annastiinamakitalo.com\/wp-content\/uploads\/2026\/03\/Annastiina_Makitalo_julkinen_taide_Oi-kuusipuu_2-300x169.jpg 300w, https:\/\/annastiinamakitalo.com\/wp-content\/uploads\/2026\/03\/Annastiina_Makitalo_julkinen_taide_Oi-kuusipuu_2.jpg 2000w\" sizes=\"auto, (max-width: 1024px) 100vw, 1024px\" \/><span aria-hidden=\"true\" class=\"wp-block-cover__background has-primary-background-color has-background-dim-70 has-background-dim\"><\/span><div class=\"wp-block-cover__inner-container is-layout-flow wp-block-cover-is-layout-flow\">\n\n\n<p><\/p>\n\n\n\n<h3 class=\"wp-block-heading has-white-color has-text-color has-medium-font-size\" style=\"margin-top:0;margin-right:0;margin-bottom:0;margin-left:0\">Oi Kuusipuu!<\/h3>\n\n\n\n<p class=\"has-secondary-color has-text-color has-link-color wp-elements-c9f15c45a755d24dcde91005088805cb\" style=\"margin-top:0;margin-right:0;margin-bottom:0;margin-left:0\"><a href=\"\/index.php\/project\/oi-kuusipuu\/\">Lue lis\u00e4\u00e4 t\u00e4st\u00e4 projektista \u2192<\/a><\/p>\n<\/div><\/div>\n<\/div>\n\n\n\n<div class=\"wp-block-column is-layout-flow wp-block-column-is-layout-flow\" style=\"padding-top:0;padding-right:0;padding-bottom:0;padding-left:0\">\n<div class=\"wp-block-cover has-custom-content-position is-position-bottom-left\" style=\"padding-top:var(--wp--preset--spacing--small);padding-right:var(--wp--preset--spacing--x-small);padding-bottom:var(--wp--preset--spacing--small);padding-left:var(--wp--preset--spacing--x-small)\"><img loading=\"lazy\" decoding=\"async\" width=\"1181\" height=\"787\" class=\"wp-block-cover__image-background wp-image-468 size-full\" alt=\"\" src=\"https:\/\/annastiinamakitalo.com\/wp-content\/uploads\/2026\/03\/Annastiina_Makitalo_julkinen_taide_Lohja_Laurentius-koulu_Aino-ja-Janne2.jpg\" data-object-fit=\"cover\" srcset=\"https:\/\/annastiinamakitalo.com\/wp-content\/uploads\/2026\/03\/Annastiina_Makitalo_julkinen_taide_Lohja_Laurentius-koulu_Aino-ja-Janne2.jpg 1181w, https:\/\/annastiinamakitalo.com\/wp-content\/uploads\/2026\/03\/Annastiina_Makitalo_julkinen_taide_Lohja_Laurentius-koulu_Aino-ja-Janne2-300x200.jpg 300w, https:\/\/annastiinamakitalo.com\/wp-content\/uploads\/2026\/03\/Annastiina_Makitalo_julkinen_taide_Lohja_Laurentius-koulu_Aino-ja-Janne2-1024x682.jpg 1024w, https:\/\/annastiinamakitalo.com\/wp-content\/uploads\/2026\/03\/Annastiina_Makitalo_julkinen_taide_Lohja_Laurentius-koulu_Aino-ja-Janne2-600x400.jpg 600w\" sizes=\"auto, (max-width: 1181px) 100vw, 1181px\" \/><span aria-hidden=\"true\" class=\"wp-block-cover__background has-primary-background-color has-background-dim-70 has-background-dim\"><\/span><div class=\"wp-block-cover__inner-container is-layout-flow wp-block-cover-is-layout-flow\">\n<h3 class=\"wp-block-heading has-white-color has-text-color has-medium-font-size\" style=\"margin-top:0;margin-right:0;margin-bottom:0;margin-left:0\">Aino ja Janne<\/h3>\n\n\n\n\n\n<p class=\"has-secondary-color has-text-color has-link-color wp-elements-cb865690bb7b30eadc1aa718694927c2\" style=\"margin-top:0;margin-right:0;margin-bottom:0;margin-left:0\"><a href=\"\/index.php\/project\/aino-ja-janne\/\">Lue lis\u00e4\u00e4 t\u00e4st\u00e4 projektista \u2192<\/a><\/p>\n<\/div><\/div>\n<\/div>\n\n\n\n<div class=\"wp-block-column is-layout-flow wp-block-column-is-layout-flow\" style=\"padding-top:0;padding-right:0;padding-bottom:0;padding-left:0\">\n<div class=\"wp-block-cover has-custom-content-position is-position-bottom-left\" style=\"padding-top:var(--wp--preset--spacing--small);padding-right:var(--wp--preset--spacing--x-small);padding-bottom:var(--wp--preset--spacing--small);padding-left:var(--wp--preset--spacing--x-small)\"><img loading=\"lazy\" decoding=\"async\" width=\"477\" height=\"359\" class=\"wp-block-cover__image-background wp-image-549 size-full\" alt=\"\" src=\"https:\/\/annastiinamakitalo.com\/wp-content\/uploads\/2026\/03\/Annastiina_Makitalo_julkinen_taide_Lohja_Laurentius-koulu_Paavolan-tammi5.jpg\" data-object-fit=\"cover\" srcset=\"https:\/\/annastiinamakitalo.com\/wp-content\/uploads\/2026\/03\/Annastiina_Makitalo_julkinen_taide_Lohja_Laurentius-koulu_Paavolan-tammi5.jpg 477w, https:\/\/annastiinamakitalo.com\/wp-content\/uploads\/2026\/03\/Annastiina_Makitalo_julkinen_taide_Lohja_Laurentius-koulu_Paavolan-tammi5-300x226.jpg 300w\" sizes=\"auto, (max-width: 477px) 100vw, 477px\" \/><span aria-hidden=\"true\" class=\"wp-block-cover__background has-primary-background-color has-background-dim-70 has-background-dim\"><\/span><div class=\"wp-block-cover__inner-container is-layout-flow wp-block-cover-is-layout-flow\">\n<h2 class=\"wp-block-heading has-white-color has-text-color has-medium-font-size\" style=\"margin-top:0;margin-right:0;margin-bottom:0;margin-left:0\">Paavolan tammi<\/h2>\n\n\n\n<p class=\"has-secondary-color has-text-color has-link-color wp-elements-00a984bcdaabc1e884b433de32bc6437\" style=\"margin-top:0;margin-right:0;margin-bottom:0;margin-left:0\"><a href=\"\/index.php\/project\/paavolan-tammi\/\">Lue lis\u00e4\u00e4 t\u00e4st\u00e4 projektista \u2192<\/a><\/p>\n<\/div><\/div>\n<\/div>\n<\/div>\n\n\n<\/div>\n\n\n\n<div id=\"services\" class=\"wp-block-group alignfull pattern_multiple_covers has-background has-global-padding is-layout-constrained wp-block-group-is-layout-constrained\">\n\n\n<p class=\"has-text-align-left has-secondary-color has-text-color\" style=\"letter-spacing:1px\"><\/p>\n\n\n\n<h2 class=\"wp-block-heading has-text-align-left\">Kuvitus ja kuosisuunnittelu<\/h2>\n\n\n\n<p class=\"has-text-align-left\">Aloitin urani jo 20-vuotiaana opiskelijana, kun ensimm\u00e4inen kuvittamani ja kirjoittamani kirja ilmestyi. Sittemmin olen kuvittanut useita lastenkirjoja, joista osan olen my\u00f6s kirjoittanut ja julkaissut itse. Kuvittaminen on siirtynyt paperisista kirjoista osaksi mit\u00e4 erilaisimpia taideprojekteja, br\u00e4ndi-ilmeit\u00e4 ja kuoseja. K\u00e4sialani taipuu hyvin monenlaisiin tarkoituksiin ja tarpeisiin. <\/p>\n\n\n\n<div class=\"wp-block-columns is-layout-flex wp-container-core-columns-is-layout-28f84493 wp-block-columns-is-layout-flex\">\n<div class=\"wp-block-column is-layout-flow wp-block-column-is-layout-flow\" style=\"padding-top:0;padding-right:0;padding-bottom:0;padding-left:0\">\n<div class=\"wp-block-cover has-custom-content-position is-position-bottom-left\" style=\"padding-top:var(--wp--preset--spacing--small);padding-right:var(--wp--preset--spacing--x-small);padding-bottom:var(--wp--preset--spacing--small);padding-left:var(--wp--preset--spacing--x-small)\"><img loading=\"lazy\" decoding=\"async\" width=\"300\" height=\"300\" class=\"wp-block-cover__image-background wp-image-375 size-full\" alt=\"\" src=\"https:\/\/annastiinamakitalo.com\/wp-content\/uploads\/2026\/03\/Annastiina_Makitalo_kuvitus_Runotytto-muotokuvat_300x300px.jpg\" data-object-fit=\"cover\" srcset=\"https:\/\/annastiinamakitalo.com\/wp-content\/uploads\/2026\/03\/Annastiina_Makitalo_kuvitus_Runotytto-muotokuvat_300x300px.jpg 300w, https:\/\/annastiinamakitalo.com\/wp-content\/uploads\/2026\/03\/Annastiina_Makitalo_kuvitus_Runotytto-muotokuvat_300x300px-150x150.jpg 150w\" sizes=\"auto, (max-width: 300px) 100vw, 300px\" \/><span aria-hidden=\"true\" class=\"wp-block-cover__background has-primary-background-color has-background-dim-70 has-background-dim\"><\/span><div class=\"wp-block-cover__inner-container is-layout-flow wp-block-cover-is-layout-flow\">\n\n\n<p><\/p>\n\n\n\n<h3 class=\"wp-block-heading has-white-color has-text-color has-medium-font-size\" style=\"margin-top:0;margin-right:0;margin-bottom:0;margin-left:0\">Runotytt\u00f6-muotokuvat<\/h3>\n\n\n\n<p class=\"has-secondary-color has-text-color has-link-color wp-elements-551d565fddf37c36d5d44ba9f367ddaf\" style=\"margin-top:0;margin-right:0;margin-bottom:0;margin-left:0\"><a href=\"\/index.php\/project\/runotytto-muotokuvat\/\">Lue lis\u00e4\u00e4 t\u00e4st\u00e4 projektista \u2192<\/a><\/p>\n<\/div><\/div>\n<\/div>\n\n\n\n<div class=\"wp-block-column is-layout-flow wp-block-column-is-layout-flow\" style=\"padding-top:0;padding-right:0;padding-bottom:0;padding-left:0\">\n<div class=\"wp-block-cover has-custom-content-position is-position-bottom-left\" style=\"padding-top:var(--wp--preset--spacing--small);padding-right:var(--wp--preset--spacing--x-small);padding-bottom:var(--wp--preset--spacing--small);padding-left:var(--wp--preset--spacing--x-small)\"><img loading=\"lazy\" decoding=\"async\" width=\"636\" height=\"635\" class=\"wp-block-cover__image-background wp-image-90 size-full\" alt=\"\" src=\"https:\/\/annastiinamakitalo.com\/wp-content\/uploads\/2025\/12\/lempee-nayteikkuna.jpg\" data-object-fit=\"cover\" srcset=\"https:\/\/annastiinamakitalo.com\/wp-content\/uploads\/2025\/12\/lempee-nayteikkuna.jpg 636w, https:\/\/annastiinamakitalo.com\/wp-content\/uploads\/2025\/12\/lempee-nayteikkuna-300x300.jpg 300w, https:\/\/annastiinamakitalo.com\/wp-content\/uploads\/2025\/12\/lempee-nayteikkuna-150x150.jpg 150w\" sizes=\"auto, (max-width: 636px) 100vw, 636px\" \/><span aria-hidden=\"true\" class=\"wp-block-cover__background has-primary-background-color has-background-dim-70 has-background-dim\"><\/span><div class=\"wp-block-cover__inner-container is-layout-flow wp-block-cover-is-layout-flow\">\n<h3 class=\"wp-block-heading has-white-color has-text-color has-medium-font-size\" style=\"margin-top:0;margin-right:0;margin-bottom:0;margin-left:0\">LEMPEE-ikkunakuvitus<\/h3>\n\n\n\n\n\n<p class=\"has-secondary-color has-text-color has-link-color wp-elements-cc4fc58d985244fe6669644780c15c07\" style=\"margin-top:0;margin-right:0;margin-bottom:0;margin-left:0\"><a href=\"\/index.php\/project\/ikkunateippauksen-suunnittelu-lempee\/\">Lue lis\u00e4\u00e4 t\u00e4st\u00e4 projektista \u2192<\/a><\/p>\n<\/div><\/div>\n<\/div>\n\n\n\n<div class=\"wp-block-column is-layout-flow wp-block-column-is-layout-flow\" style=\"padding-top:0;padding-right:0;padding-bottom:0;padding-left:0\">\n<div class=\"wp-block-cover has-custom-content-position is-position-bottom-left\" style=\"padding-top:var(--wp--preset--spacing--small);padding-right:var(--wp--preset--spacing--x-small);padding-bottom:var(--wp--preset--spacing--small);padding-left:var(--wp--preset--spacing--x-small);min-height:430px;aspect-ratio:unset;\"><img loading=\"lazy\" decoding=\"async\" width=\"1476\" height=\"1598\" class=\"wp-block-cover__image-background wp-image-82 size-full\" alt=\"\" src=\"https:\/\/annastiinamakitalo.com\/wp-content\/uploads\/2025\/12\/Nayttokuva-2021-10-31-kello-16.30.05.png\" data-object-fit=\"cover\" srcset=\"https:\/\/annastiinamakitalo.com\/wp-content\/uploads\/2025\/12\/Nayttokuva-2021-10-31-kello-16.30.05.png 1476w, https:\/\/annastiinamakitalo.com\/wp-content\/uploads\/2025\/12\/Nayttokuva-2021-10-31-kello-16.30.05-277x300.png 277w, https:\/\/annastiinamakitalo.com\/wp-content\/uploads\/2025\/12\/Nayttokuva-2021-10-31-kello-16.30.05-946x1024.png 946w\" sizes=\"auto, (max-width: 1476px) 100vw, 1476px\" \/><span aria-hidden=\"true\" class=\"wp-block-cover__background has-primary-background-color has-background-dim-70 has-background-dim\"><\/span><div class=\"wp-block-cover__inner-container is-layout-flow wp-block-cover-is-layout-flow\">\n<h2 class=\"wp-block-heading has-white-color has-text-color has-medium-font-size\" style=\"margin-top:0;margin-right:0;margin-bottom:0;margin-left:0\">Kuosisuunnittelu, Taival Clothing<\/h2>\n\n\n\n<p class=\"has-secondary-color has-text-color has-link-color wp-elements-9ccce34f6dc767cdb00411697f65593c\" style=\"margin-top:0;margin-right:0;margin-bottom:0;margin-left:0\"><a href=\"\/index.php\/project\/kuosisuunnittelu-usva-polku-ja-silkkiturkki\/\">Lue lis\u00e4\u00e4 t\u00e4st\u00e4 projektista \u2192<\/a><\/p>\n<\/div><\/div>\n<\/div>\n<\/div>\n\n\n<\/div>\n\n\n\n<div id=\"services\" class=\"wp-block-group alignfull pattern_multiple_covers has-background has-global-padding is-layout-constrained wp-block-group-is-layout-constrained\">\n\n\n<p class=\"has-text-align-left\"><\/p>\n\n\n\n<div class=\"wp-block-columns is-layout-flex wp-container-core-columns-is-layout-28f84493 wp-block-columns-is-layout-flex\">\n<div class=\"wp-block-column is-layout-flow wp-block-column-is-layout-flow\" style=\"padding-top:0;padding-right:0;padding-bottom:0;padding-left:0\">\n<div class=\"wp-block-cover has-custom-content-position is-position-bottom-left\" style=\"padding-top:var(--wp--preset--spacing--small);padding-right:var(--wp--preset--spacing--x-small);padding-bottom:var(--wp--preset--spacing--small);padding-left:var(--wp--preset--spacing--x-small)\"><img loading=\"lazy\" decoding=\"async\" width=\"1024\" height=\"1024\" class=\"wp-block-cover__image-background wp-image-454 size-large\" alt=\"\" src=\"https:\/\/annastiinamakitalo.com\/wp-content\/uploads\/2026\/03\/Annastiina_Makitalo_kuvitus_Rauhankyyhky-1024x1024.jpg\" data-object-fit=\"cover\" srcset=\"https:\/\/annastiinamakitalo.com\/wp-content\/uploads\/2026\/03\/Annastiina_Makitalo_kuvitus_Rauhankyyhky-1024x1024.jpg 1024w, https:\/\/annastiinamakitalo.com\/wp-content\/uploads\/2026\/03\/Annastiina_Makitalo_kuvitus_Rauhankyyhky-300x300.jpg 300w, https:\/\/annastiinamakitalo.com\/wp-content\/uploads\/2026\/03\/Annastiina_Makitalo_kuvitus_Rauhankyyhky-150x150.jpg 150w, https:\/\/annastiinamakitalo.com\/wp-content\/uploads\/2026\/03\/Annastiina_Makitalo_kuvitus_Rauhankyyhky.jpg 2000w\" sizes=\"auto, (max-width: 1024px) 100vw, 1024px\" \/><span aria-hidden=\"true\" class=\"wp-block-cover__background has-primary-background-color has-background-dim-70 has-background-dim\"><\/span><div class=\"wp-block-cover__inner-container is-layout-flow wp-block-cover-is-layout-flow\">\n\n\n<p><\/p>\n\n\n\n<h3 class=\"wp-block-heading has-white-color has-text-color has-medium-font-size\" style=\"margin-top:0;margin-right:0;margin-bottom:0;margin-left:0\">Rauhankyyhky<\/h3>\n\n\n\n<p class=\"has-secondary-color has-text-color has-link-color wp-elements-49c1b13c2fd74895dc682a8a14346a60\" style=\"margin-top:0;margin-right:0;margin-bottom:0;margin-left:0\"><a href=\"\/index.php\/project\/rauhankyyhky\/\">Lue lis\u00e4\u00e4 t\u00e4st\u00e4 projektista \u2192<\/a><\/p>\n<\/div><\/div>\n<\/div>\n\n\n\n<div class=\"wp-block-column is-layout-flow wp-block-column-is-layout-flow\" style=\"padding-top:0;padding-right:0;padding-bottom:0;padding-left:0\">\n<div class=\"wp-block-cover has-custom-content-position is-position-bottom-left\" style=\"padding-top:var(--wp--preset--spacing--small);padding-right:var(--wp--preset--spacing--x-small);padding-bottom:var(--wp--preset--spacing--small);padding-left:var(--wp--preset--spacing--x-small)\"><img loading=\"lazy\" decoding=\"async\" width=\"1200\" height=\"1600\" class=\"wp-block-cover__image-background wp-image-495 size-full\" alt=\"\" src=\"https:\/\/annastiinamakitalo.com\/wp-content\/uploads\/2026\/03\/Annastiina_Makitalo_kuvitus_Seinapiirrokset_Paavolan-tammi_Saima-Harmaja_3.jpg\" data-object-fit=\"cover\" srcset=\"https:\/\/annastiinamakitalo.com\/wp-content\/uploads\/2026\/03\/Annastiina_Makitalo_kuvitus_Seinapiirrokset_Paavolan-tammi_Saima-Harmaja_3.jpg 1200w, https:\/\/annastiinamakitalo.com\/wp-content\/uploads\/2026\/03\/Annastiina_Makitalo_kuvitus_Seinapiirrokset_Paavolan-tammi_Saima-Harmaja_3-225x300.jpg 225w, https:\/\/annastiinamakitalo.com\/wp-content\/uploads\/2026\/03\/Annastiina_Makitalo_kuvitus_Seinapiirrokset_Paavolan-tammi_Saima-Harmaja_3-768x1024.jpg 768w\" sizes=\"auto, (max-width: 1200px) 100vw, 1200px\" \/><span aria-hidden=\"true\" class=\"wp-block-cover__background has-primary-background-color has-background-dim-70 has-background-dim\"><\/span><div class=\"wp-block-cover__inner-container is-layout-flow wp-block-cover-is-layout-flow\">\n<h3 class=\"wp-block-heading has-white-color has-text-color has-medium-font-size\" style=\"margin-top:0;margin-right:0;margin-bottom:0;margin-left:0\">Sein\u00e4piirrokset<\/h3>\n\n\n\n\n\n<p class=\"has-secondary-color has-text-color has-link-color wp-elements-10ebcf81626f585b692ac96a202a1767\" style=\"margin-top:0;margin-right:0;margin-bottom:0;margin-left:0\"><a href=\"\/index.php\/project\/seinapiirrokset\/\">Lue lis\u00e4\u00e4 t\u00e4st\u00e4 projektista \u2192<\/a><\/p>\n<\/div><\/div>\n<\/div>\n\n\n\n<div class=\"wp-block-column is-layout-flow wp-block-column-is-layout-flow\" style=\"padding-top:0;padding-right:0;padding-bottom:0;padding-left:0\">\n<div class=\"wp-block-cover has-custom-content-position is-position-bottom-left\" style=\"padding-top:var(--wp--preset--spacing--small);padding-right:var(--wp--preset--spacing--x-small);padding-bottom:var(--wp--preset--spacing--small);padding-left:var(--wp--preset--spacing--x-small)\"><img loading=\"lazy\" decoding=\"async\" width=\"804\" height=\"966\" class=\"wp-block-cover__image-background wp-image-501 size-full\" alt=\"\" src=\"https:\/\/annastiinamakitalo.com\/wp-content\/uploads\/2026\/03\/Annastiina_Makitalo_kuosisuunnittelu_suoacoustics_kotimetsa.jpg\" data-object-fit=\"cover\" srcset=\"https:\/\/annastiinamakitalo.com\/wp-content\/uploads\/2026\/03\/Annastiina_Makitalo_kuosisuunnittelu_suoacoustics_kotimetsa.jpg 804w, https:\/\/annastiinamakitalo.com\/wp-content\/uploads\/2026\/03\/Annastiina_Makitalo_kuosisuunnittelu_suoacoustics_kotimetsa-250x300.jpg 250w\" sizes=\"auto, (max-width: 804px) 100vw, 804px\" \/><span aria-hidden=\"true\" class=\"wp-block-cover__background has-primary-background-color has-background-dim-70 has-background-dim\"><\/span><div class=\"wp-block-cover__inner-container is-layout-flow wp-block-cover-is-layout-flow\">\n<h2 class=\"wp-block-heading has-white-color has-text-color has-medium-font-size\" style=\"margin-top:0;margin-right:0;margin-bottom:0;margin-left:0\">Kuosisuunnittelu, Suo Acoustics <\/h2>\n\n\n\n<p class=\"has-secondary-color has-text-color has-link-color wp-elements-ff4d16518f1a38dcc779b9687b42ba69\" style=\"margin-top:0;margin-right:0;margin-bottom:0;margin-left:0\"><a href=\"\/index.php\/project\/kuosisuunnittelu-suo-acoustics\/\">Lue lis\u00e4\u00e4 t\u00e4st\u00e4 projektista \u2192<\/a><\/p>\n<\/div><\/div>\n<\/div>\n<\/div>\n\n\n<\/div>\n\n\n\n<p><\/p>\n\n\n\n\n\n<p><\/p>\n","protected":false},"excerpt":{"rendered":"<p>Tervetuloa tutustumaan valikoituihin esimerkkeihin taide-, kuvitus- ja kuosisuunnitteluprojekteista, jotka ovat inspiroineet minua erityisell\u00e4 tavalla. Portfolio t\u00e4ydentyy pikkuhiljaa sek\u00e4 uusilla ett\u00e4 vanhemmilla t\u00f6ill\u00e4. \u00a9 Annastiina M\u00e4kitalo Julkinen taide Olen suunnitellut n\u00e4ytt\u00e4vi\u00e4, suurikokoisia teoksia osaksi arkkitehtuuria ja sisustusta jo kymmenen vuoden ajan. Monissa teoksissani n\u00e4kyy rakkauteni luontoon: sen loputon visuaalinen rikkaus ja rauhoittava vaikutus. Kuvitus ja kuosisuunnittelu &hellip; <\/p>\n<p class=\"link-more\"><a href=\"https:\/\/annastiinamakitalo.com\/index.php\/sample-page\/\" class=\"more-link\">Read more<span class=\"screen-reader-text\"> &#8221;Portfolio&#8221;<\/span><\/a><\/p>\n","protected":false},"author":1,"featured_media":0,"parent":0,"menu_order":0,"comment_status":"closed","ping_status":"open","template":"","meta":{"inspiro_hide_title":false,"footnotes":""},"class_list":["post-2","page","type-page","status-publish","hentry"],"featured_media_urls":[],"_links":{"self":[{"href":"https:\/\/annastiinamakitalo.com\/index.php\/wp-json\/wp\/v2\/pages\/2","targetHints":{"allow":["GET"]}}],"collection":[{"href":"https:\/\/annastiinamakitalo.com\/index.php\/wp-json\/wp\/v2\/pages"}],"about":[{"href":"https:\/\/annastiinamakitalo.com\/index.php\/wp-json\/wp\/v2\/types\/page"}],"author":[{"embeddable":true,"href":"https:\/\/annastiinamakitalo.com\/index.php\/wp-json\/wp\/v2\/users\/1"}],"replies":[{"embeddable":true,"href":"https:\/\/annastiinamakitalo.com\/index.php\/wp-json\/wp\/v2\/comments?post=2"}],"version-history":[{"count":65,"href":"https:\/\/annastiinamakitalo.com\/index.php\/wp-json\/wp\/v2\/pages\/2\/revisions"}],"predecessor-version":[{"id":677,"href":"https:\/\/annastiinamakitalo.com\/index.php\/wp-json\/wp\/v2\/pages\/2\/revisions\/677"}],"wp:attachment":[{"href":"https:\/\/annastiinamakitalo.com\/index.php\/wp-json\/wp\/v2\/media?parent=2"}],"curies":[{"name":"wp","href":"https:\/\/api.w.org\/{rel}","templated":true}]}}